{"id":644,"date":"2017-02-02T14:28:16","date_gmt":"2017-02-02T14:28:16","guid":{"rendered":"http:\/\/test.kriesi.at\/enfold-2017\/?page_id=644"},"modified":"2026-04-19T21:19:15","modified_gmt":"2026-04-19T19:19:15","slug":"horaires-elus-commissions-histoire","status":"publish","type":"page","link":"http:\/\/ville-frelinghien.fr\/index.php\/horaires-elus-commissions-histoire\/","title":{"rendered":"MA VILLE"},"content":{"rendered":"<\/div><\/div><\/div><!-- close content main div --><\/div><\/div><div id='av_section_1' class='avia-section main_color avia-section-huge avia-no-shadow av-section-color-overlay-active avia-bg-style-scroll   container_wrap sidebar_right' style = 'background-image: '  ><div class='av-section-color-overlay-wrap'><div class='av-section-color-overlay' style='opacity: 0.8; background-color: #2e3e54; '><\/div><div class='container' ><div class='template-page content  av-content-small alpha units'><div class='post-entry post-entry-type-page post-entry-644'><div class='entry-content-wrapper clearfix'>\n<div style='padding-bottom:0px; color:#fbe14d;font-size:40px;' class='av-special-heading av-special-heading-h1 custom-color-heading blockquote modern-quote modern-centered   av-inherit-size '><h1 class='av-special-heading-tag '  itemprop=\"headline\"  ><strong style=\"background-color: black; padding: 20px; top: 20px; bottom: 20px;\"># MA VILLE<\/strong><\/h1><div class='special-heading-border'><div class='special-heading-inner-border' style='border-color:#fbe14d'><\/div><\/div><\/div>\n<div style=' margin-top:30px; margin-bottom:30px;'  class='hr hr-custom hr-center hr-icon-no  '><span class='hr-inner   inner-border-av-border-fat' style=' width:50px; border-color:#ffffff;' ><span class='hr-inner-style'><\/span><\/span><\/div>\n<section class=\"av_textblock_section \"  itemscope=\"itemscope\" itemtype=\"https:\/\/schema.org\/CreativeWork\" ><div class='avia_textblock  av_inherit_color '  style='color:#dddddd; '  itemprop=\"text\" ><p style=\"text-align: center;\">Bonjour \u00e0 tous ! Voici les<em>\u00a0services de la mairie, <\/em><\/p>\n<p style=\"text-align: center;\"><em>les \u00e9lus et prochaines\u00a0<\/em><i>commissions,\u00a0<\/i><em>ainsi qu&rsquo;une visite guid\u00e9 virtuelle de notre patrimoine !<\/em><\/p>\n<\/div><\/section>\n<\/div><\/div><\/div><!-- close content main div --><\/div><\/div><\/div><div id='after_section_1' class='main_color av_default_container_wrap container_wrap sidebar_right'   ><div class='container' ><div class='template-page content  av-content-small alpha units'><div class='post-entry post-entry-type-page post-entry-644'><div class='entry-content-wrapper clearfix'>\n<\/div><\/div><\/div><!-- close content main div --><\/div><\/div><div class='clear'><\/div><div id='sub_menu1' class='av-submenu-container main_color  av-sticky-submenu container_wrap sidebar_right'   style='z-index:301'><div class='container av-menu-mobile-disabled '><ul id='av-custom-submenu-1' class='av-subnav-menu av-submenu-pos-center'>\n<li class='menu-item menu-item-top-level  menu-item-top-level-1'><a href='#elus' ><span class='avia-bullet'><\/span><span class='avia-menu-text'>Les \u00e9lus et commisions<\/span><\/a><\/li>\n<li class='menu-item menu-item-top-level  menu-item-top-level-2'><a href='#patrimoine' ><span class='avia-bullet'><\/span><span class='avia-menu-text'>Notre patrimoine<\/span><\/a><\/li>\n<\/ul><\/div><\/div><div class='sticky_placeholder'><\/div>\n<\/div><\/div><\/div><!-- close content main div --><\/div><\/div><div id='3-col-intro' class='av-layout-grid-container entry-content-wrapper main_color av-flex-cells    container_wrap sidebar_right'   >\n<div class=\"flex_cell no_margin av_one_half   \" style='vertical-align:top; padding:70px 50px 70px 50px ; background-color:#fbe14c; '><div class='flex_cell_inner' ><div class=\"flex_column av_one_full  av-animated-generic left-to-right  flex_column_div av-zero-column-padding first  \" style='border-radius:0px; '><article class=\"iconbox iconbox_left_content    av-icon-style-no-border\"  itemscope=\"itemscope\" itemtype=\"https:\/\/schema.org\/CreativeWork\" ><div class=\"iconbox_icon heading-color \" aria-hidden='true' data-av_icon='\ue8d2' data-av_iconfont='entypo-fontello'  style='color:#ffffff; ' ><\/div><div class=\"iconbox_content\"><header class=\"entry-content-header\"><h3 class='iconbox_content_title '  itemprop=\"headline\"  ><strong>Les Services de la Mairie <\/strong><\/h3><\/header><div class='iconbox_content_container  '  itemprop=\"text\"  ><div class=\"page\" title=\"Page 1\">\n<div class=\"section\">\n<div class=\"layoutArea\">\n<div class=\"column\">\n<p><strong>Etat Civil:<\/strong><\/p>\n<p><span style=\"color: #000000;\"> \u00adDe\u0301claration de naissance (se fait a\u0300 la mairie du lieu d&rsquo;accouchement) .<\/span><\/p>\n<p><span style=\"color: #000000;\">Dossier pour un Mariage.<\/span><\/p>\n<p><span style=\"color: #000000;\">Actes de de\u0301ce\u0300s.<\/span><\/p>\n<p><span style=\"color: #000000;\"> Etablissement du livret de famille ou du certificat de concubinage.<\/span><\/p>\n<p><strong><span style=\"color: #000000;\">Re\u0301servation des repas de cantine:<\/span><\/strong><\/p>\n<p><span style=\"color: #000000;\"> La re\u0301servation se fait via le <a href=\"https:\/\/www.familledirecte.fr\/?env=%242y%2410%24JDFOtUWZHZBP5qyjNKKu5Oa4lRK2U9sMDcP8rA4IuUDSNYtTc.m%2Fe&amp;mairie=frelinghien\">portail des familles<\/a>.<\/span><\/p>\n<p><strong><span style=\"color: #000000;\">Accueil de loisirs:<\/span><\/strong><\/p>\n<p><span style=\"color: #000000;\">La re\u0301servation se fait via le <a href=\"https:\/\/www.familledirecte.fr\/?env=%242y%2410%24JDFOtUWZHZBP5qyjNKKu5Oa4lRK2U9sMDcP8rA4IuUDSNYtTc.m%2Fe&amp;mairie=frelinghien\">portail des familles<\/a>.<\/span><\/p>\n<\/div>\n<div class=\"page\" title=\"Page 1\">\n<div class=\"section\">\n<div class=\"layoutArea\">\n<div class=\"column\">\n<p><span style=\"color: #000000;\"><em><strong>Autre service :\u00a0<\/strong><\/em><\/span><\/p>\n<p><span style=\"color: #000000;\">Permanence d&rsquo;une assistante sociale Les 2e\u0300me mardi du mois de 9H30 a\u0300 10H30<\/span><\/p>\n<\/div>\n<\/div>\n<\/div>\n<\/div>\n<\/div>\n<\/div>\n<\/div>\n<div class=\"nRfCwb r-iV_71RoiW9Zs\" style=\"text-align: left;\"><\/div>\n<\/div><\/div><footer class=\"entry-footer\"><\/footer><\/article><\/div>\n<\/div><\/div><div class=\"flex_cell no_margin av_one_half   \" style='vertical-align:top; padding:100; '><div class='flex_cell_inner' ><div  data-size='large'  data-lightbox_size='large'  data-animation='fade'  data-conditional_play=''  data-ids='4238,4134,8195'  data-video_counter='0'  data-autoplay='true'  data-bg_slider='false'  data-slide_height=''  data-handle='av_slideshow'  data-interval='9'  data-class=' '  data-css_id=''  data-scroll_down=''  data-control_layout='av-control-default'  data-custom_markup=''  data-perma_caption=''  data-autoplay_stopper=''  data-image_attachment=''  data-min_height='0px'  class='avia-slideshow avia-slideshow-1  av-control-default av-default-height-applied avia-slideshow-large av_slideshow   avia-fade-slider '  itemprop=\"ImageObject\" itemscope=\"itemscope\" itemtype=\"https:\/\/schema.org\/ImageObject\" ><ul class='avia-slideshow-inner ' style='padding-bottom: 80.94674556213%;' ><li  class=' slide-1 ' ><div data-rel='slideshow-1' class='avia-slide-wrap '   ><div class=\"avia-caption av-slideshow-caption\"><div class=\"avia-inner-caption\"><h2  class='avia-caption-title '  itemprop=\"name\" >LA ME\u0301DIATHE\u0300QUE<\/h2><div class='avia-caption-content  '  itemprop=\"description\"  ><p>Adresse :<br \/>\nPlace des Combattants \u00ad 59236 FRELINGHIEN<br \/>\nTe\u0301le\u0301phone : 03.20.48.22.76<br \/>\nE mail : contact@mediatheque\u00adfrelinghien.fr<\/p>\n<p>Les Horaires:<br \/>\nMardi : de 16H a\u0300 19H<br \/>\nMercredi : de 10H a\u0300 12H et de 14H a\u0300 18H Vendredi : de 16H a\u0300 18H<br \/>\nSamedi : de 10H a\u0300 12H et de 14H30 a\u0300 17H<\/p>\n<\/div><\/div><\/div><img src='http:\/\/ville-frelinghien.fr\/wp-content\/uploads\/2018\/07\/mediatheque.png' width='845' height='684' title='mediatheque' alt=''  itemprop=\"thumbnailUrl\"   \/><\/div><\/li><li  class=' slide-2 ' ><div data-rel='slideshow-1' class='avia-slide-wrap '   ><div class=\"avia-caption av-slideshow-caption\"><div class=\"avia-inner-caption\"><h2  class='avia-caption-title '  itemprop=\"name\" >LA MAIRIE<\/h2><div class='avia-caption-content  '  itemprop=\"description\"  ><p>Adresse :<br \/>\nPlace des Combattants \u00ad 59236 FRELINGHIEN<br \/>\nTe\u0301le\u0301phone : 03.20.48.80.09<br \/>\nFAX : 03.20.48.84.67<br \/>\nE Mail : contact-mairie@frelinghien.fr<\/p>\n<p>Les Horaires:<br \/>\nLundi \u00ad Mardi \u00ad Jeudi \u00ad Vendredi : de 9H a\u0300 12H et de 14H a\u0300 17H30<br \/>\nMercredi \u00adet Samedi : de 9H a\u0300 12H<\/p>\n<\/div><\/div><\/div><img src='http:\/\/ville-frelinghien.fr\/wp-content\/uploads\/layerslider\/Enfold-Reimagined\/H-copie-1030x773.png' width='1030' height='773' title='H-copie' alt=''  itemprop=\"thumbnailUrl\"   \/><\/div><\/li><li  class=' slide-3 ' ><div data-rel='slideshow-1' class='avia-slide-wrap '   ><div class=\"avia-caption av-slideshow-caption\"><div class=\"avia-inner-caption\"><h2  class='avia-caption-title '  itemprop=\"name\" >Horaires d\u2019ouverture du Cimeti\u00e8re<\/h2><div class='avia-caption-content  '  itemprop=\"description\"  ><p>du 02 novembre au 30 avril:<br \/>\n8h00 \u2013 17h00<\/p>\n<p>du 1er mai au 1er novembre:<br \/>\n8 h \u2013 19 h00<\/p>\n<\/div><\/div><\/div><img src='http:\/\/ville-frelinghien.fr\/wp-content\/uploads\/2024\/02\/20211031_091436-1030x580.jpg' width='1030' height='580' title='20211031_091436' alt=''  itemprop=\"thumbnailUrl\"   \/><\/div><\/li><\/ul><div class='avia-slideshow-arrows avia-slideshow-controls'><a href='#prev' class='prev-slide' aria-hidden='true' data-av_icon='\ue87c' data-av_iconfont='entypo-fontello'>Pr\u00e9c\u00e9dent<\/a><a href='#next' class='next-slide' aria-hidden='true' data-av_icon='\ue87d' data-av_iconfont='entypo-fontello'>Suivant<\/a><\/div><div class='avia-slideshow-dots avia-slideshow-controls'><a href='#1' class='goto-slide active' >1<\/a><a href='#2' class='goto-slide ' >2<\/a><a href='#3' class='goto-slide ' >3<\/a><\/div><\/div>\n<\/div><\/div>\n<\/div>\n<\/div><\/div><\/div><!-- close content main div --><\/div><\/div><div id='elus' class='avia-section main_color avia-section-large avia-no-border-styling avia-bg-style-scroll   container_wrap sidebar_right' style = 'background-image: '  ><div class='container' ><div class='template-page content  av-content-small alpha units'><div class='post-entry post-entry-type-page post-entry-644'><div class='entry-content-wrapper clearfix'>\n<div class=\"flex_column av_one_fifth  flex_column_div av-zero-column-padding first  \" style='border-radius:0px; '><\/div><div class=\"flex_column av_three_fifth  flex_column_div av-zero-column-padding   \" style='border-radius:0px; '><section class=\"av_textblock_section \"  itemscope=\"itemscope\" itemtype=\"https:\/\/schema.org\/CreativeWork\" ><div class='avia_textblock  '   itemprop=\"text\" ><h2 style=\"text-align: center;\"><strong>#<\/strong>LES E\u0301LUS\/\u00a0 TITRE &amp; COMMISSIONS<\/h2>\n<\/div><\/section><br \/>\n<div style=' margin-top:15px; margin-bottom:15px;'  class='hr hr-custom hr-center hr-icon-no  '><span class='hr-inner   inner-border-av-border-fat' style=' width:50px; border-color:#000000;' ><span class='hr-inner-style'><\/span><\/span><\/div><\/p><\/div><div class=\"flex_column av_one_fifth  flex_column_div av-zero-column-padding   \" style='border-radius:0px; '><\/div>\n<\/div><\/div><\/div><!-- close content main div --><\/div><\/div><div id='after_section_2' class='main_color av_default_container_wrap container_wrap sidebar_right'   ><div class='container' ><div class='template-page content  av-content-small alpha units'><div class='post-entry post-entry-type-page post-entry-644'><div class='entry-content-wrapper clearfix'>\n<\/div><\/div><\/div><!-- close content main div --><\/div><\/div><div id='av-layout-grid-2' class='av-layout-grid-container entry-content-wrapper main_color av-flex-cells    container_wrap sidebar_right'   >\n<div class=\"flex_cell no_margin av_one_fourth   avia-full-contain \" style='height:400px; min-height:400px;background:url(http:\/\/ville-frelinghien.fr\/wp-content\/uploads\/2026\/04\/Yann-200x300.png) center center no-repeat scroll; vertical-align:middle; padding:130px; '><div class='flex_cell_inner' ><\/div><\/div><div class=\"flex_cell no_margin av_one_fourth   \" style='height:400px; min-height:400px;vertical-align:middle; padding:30px; background-color:#f7e167; '><div class='flex_cell_inner' ><p><div style=' margin-top:15px; margin-bottom:15px;'  class='hr hr-custom hr-center hr-icon-no  '><span class='hr-inner   inner-border-av-border-fat' style=' width:50px; border-color:#000000;' ><span class='hr-inner-style'><\/span><\/span><\/div><br \/>\n<div style='padding-bottom:0px; color:#000000;font-size:30px;' class='av-special-heading av-special-heading-h2 custom-color-heading blockquote modern-quote modern-centered   av-inherit-size '><h2 class='av-special-heading-tag '  itemprop=\"headline\"  >Yann Delanghe<\/h2><div class ='av-subheading av-subheading_below av_custom_color ' style='font-size:20px;'><p>MAIRE<\/p>\n<\/div><div class='special-heading-border'><div class='special-heading-inner-border' style='border-color:#000000'><\/div><\/div><\/div><\/p>\n<\/div><\/div><div class=\"flex_cell no_margin av_one_fourth   avia-full-contain \" style='height:400px; min-height:400px;background:url(http:\/\/ville-frelinghien.fr\/wp-content\/uploads\/2026\/04\/Benoit-200x300.png) center center no-repeat scroll; vertical-align:middle; padding:130px; '><div class='flex_cell_inner' ><\/div><\/div><div class=\"flex_cell no_margin av_one_fourth   \" style='height:400px; min-height:400px;vertical-align:middle; padding:30px; background-color:#f8f8f8; '><div class='flex_cell_inner' ><p><div style=' margin-top:15px; margin-bottom:15px;'  class='hr hr-custom hr-center hr-icon-no  '><span class='hr-inner   inner-border-av-border-fat' style=' width:50px; border-color:#000000;' ><span class='hr-inner-style'><\/span><\/span><\/div><br \/>\n<div style='padding-bottom:0px; color:#000000;font-size:30px;' class='av-special-heading av-special-heading-h2 custom-color-heading blockquote modern-quote modern-centered   av-inherit-size '><h2 class='av-special-heading-tag '  itemprop=\"headline\"  >Beno\u00eet Verschave<\/h2><div class ='av-subheading av-subheading_below av_custom_color ' style='font-size:15px;'><p>Premier adjoint<br \/>\nD\u00e9l\u00e9gation: cadre de vie<\/p>\n<\/div><div class='special-heading-border'><div class='special-heading-inner-border' style='border-color:#000000'><\/div><\/div><\/div><\/p>\n<\/div><\/div><\/div><\/div><\/div><\/div><!-- close content main div --><\/div><\/div><div id='av-layout-grid-3' class='av-layout-grid-container entry-content-wrapper main_color av-flex-cells    container_wrap sidebar_right'   >\n<div class=\"flex_cell no_margin av_one_fourth   avia-full-contain \" style='height:400px; min-height:400px;background:url(http:\/\/ville-frelinghien.fr\/wp-content\/uploads\/2026\/04\/Aurelie-200x300.png) center center no-repeat scroll; vertical-align:middle; padding:130px; '><div class='flex_cell_inner' ><\/div><\/div><div class=\"flex_cell no_margin av_one_fourth   \" style='height:400px; min-height:400px;background: #f7e167; vertical-align:middle; padding:30px; background-color:#f7e167; '><div class='flex_cell_inner' ><p><div style=' margin-top:15px; margin-bottom:15px;'  class='hr hr-custom hr-center hr-icon-no  '><span class='hr-inner   inner-border-av-border-fat' style=' width:50px; border-color:#000000;' ><span class='hr-inner-style'><\/span><\/span><\/div><br \/>\n<div style='padding-bottom:0px; color:#000000;font-size:30px;' class='av-special-heading av-special-heading-h2 custom-color-heading blockquote modern-quote modern-centered   av-inherit-size '><h2 class='av-special-heading-tag '  itemprop=\"headline\"  >Aur\u00e9lie Jovenet<\/h2><div class ='av-subheading av-subheading_below av_custom_color ' style='font-size:15px;'><p>Deuxi\u00e8me adjointe<br \/>\nD\u00e9l\u00e9gation: famille<\/p>\n<\/div><div class='special-heading-border'><div class='special-heading-inner-border' style='border-color:#000000'><\/div><\/div><\/div><\/p>\n<\/div><\/div><div class=\"flex_cell no_margin av_one_fourth   avia-full-contain \" style='height:400px; min-height:400px;background:url(http:\/\/ville-frelinghien.fr\/wp-content\/uploads\/2026\/04\/Anthony-200x300.png) center center no-repeat scroll; vertical-align:middle; padding:130px; '><div class='flex_cell_inner' ><\/div><\/div><div class=\"flex_cell no_margin av_one_fourth   \" style='height:400px; min-height:400px;vertical-align:middle; padding:30px; background-color:#f8f8f8; '><div class='flex_cell_inner' ><p><div style=' margin-top:15px; margin-bottom:15px;'  class='hr hr-custom hr-center hr-icon-no  '><span class='hr-inner   inner-border-av-border-fat' style=' width:50px; border-color:#000000;' ><span class='hr-inner-style'><\/span><\/span><\/div><br \/>\n<div style='padding-bottom:0px; color:#000000;font-size:30px;' class='av-special-heading av-special-heading-h2 custom-color-heading blockquote modern-quote modern-centered   av-inherit-size '><h2 class='av-special-heading-tag '  itemprop=\"headline\"  >Anthony Vanhamme<\/h2><div class ='av-subheading av-subheading_below av_custom_color ' style='font-size:15px;'><p>Troisi\u00e8me adjoint<br \/>\nD\u00e9l\u00e9gation: Sports et Associations<\/p>\n<\/div><div class='special-heading-border'><div class='special-heading-inner-border' style='border-color:#000000'><\/div><\/div><\/div><\/p>\n<\/div><\/div><\/div><\/div><\/div><\/div><!-- close content main div --><\/div><\/div><div id='av-layout-grid-4' class='av-layout-grid-container entry-content-wrapper main_color av-flex-cells    container_wrap sidebar_right'   >\n<div class=\"flex_cell no_margin av_one_half   avia-full-contain \" style='height:400px; min-height:400px;background:url(http:\/\/ville-frelinghien.fr\/wp-content\/uploads\/2026\/04\/Caroline-200x300.png) center center no-repeat scroll; vertical-align:middle; padding:130px; '><div class='flex_cell_inner' ><\/div><\/div><div class=\"flex_cell no_margin av_one_half   \" style='height:400px; min-height:400px;background: #f7e167; vertical-align:middle; padding:30px; background-color:#f7e167; '><div class='flex_cell_inner' ><p><div style=' margin-top:15px; margin-bottom:15px;'  class='hr hr-custom hr-center hr-icon-no  '><span class='hr-inner   inner-border-av-border-fat' style=' width:50px; border-color:#000000;' ><span class='hr-inner-style'><\/span><\/span><\/div><br \/>\n<div style='padding-bottom:0px; color:#000000;font-size:30px;' class='av-special-heading av-special-heading-h2 custom-color-heading blockquote modern-quote modern-centered   av-inherit-size '><h2 class='av-special-heading-tag '  itemprop=\"headline\"  >Caroline Carpentier<\/h2><div class ='av-subheading av-subheading_below av_custom_color ' style='font-size:15px;'><p>Quatri\u00e8me adjointe<br \/>\nD\u00e9l\u00e9gation: Culture, F\u00eates et Animations<\/p>\n<\/div><div class='special-heading-border'><div class='special-heading-inner-border' style='border-color:#000000'><\/div><\/div><\/div><\/p>\n<\/div><\/div><\/div><\/div><\/div><\/div><!-- close content main div --><\/div><\/div><div id='av-layout-grid-5' class='av-layout-grid-container entry-content-wrapper main_color av-flex-cells    container_wrap sidebar_right'   >\n<div class=\"flex_cell no_margin av_one_half   avia-full-stretch \" style='height:400px; min-height:400px;vertical-align:middle; padding:130px; '><div class='flex_cell_inner' ><p><div style=' margin-top:15px; margin-bottom:15px;'  class='hr hr-custom hr-left hr-icon-no  '><span class='hr-inner   inner-border-av-border-fat' style=' width:50px; border-color:#000000;' ><span class='hr-inner-style'><\/span><\/span><\/div><br \/>\n<section class=\"av_textblock_section \"  itemscope=\"itemscope\" itemtype=\"https:\/\/schema.org\/CreativeWork\" ><div class='avia_textblock  '   itemprop=\"text\" ><div class=\"page\" title=\"Page 1\">\n<div class=\"section\">\n<div class=\"layoutArea\">\n<div class=\"column\">\n<p><strong>Les Conseillers :<\/strong><\/p>\n<p>TRACHE Martine <em>d\u00e9l\u00e9gu\u00e9e aupr\u00e8s des personnes \u00e2g\u00e9es<\/em><\/p>\n<p>PIAT Fr\u00e9d\u00e9ric <em>d\u00e9l\u00e9gu\u00e9 \u00e0 la communication<\/em><\/p>\n<p>PAREIN Eulalie <em>d\u00e9l\u00e9gu\u00e9e \u00e0 la petite enfance<\/em><\/p>\n<p>CHARLET Christophe <em>d\u00e9l\u00e9gu\u00e9 aux f\u00eates et c\u00e9r\u00e9monies<\/em><\/p>\n<p>MILLET Sylvain <em>d\u00e9l\u00e9gu\u00e9 \u00e0 la s\u00e9curit\u00e9<\/em><\/p>\n<p>LECROARD Corinne<\/p>\n<p>PIREZ Elodie<\/p>\n<p>DECROCK St\u00e9phane<\/p>\n<p>PACAUX-DAMBRE Nathalie<\/p>\n<p>CATOIRE Fabrice<\/p>\n<p>LEDEIN Sophie<\/p>\n<p>DELBAERE David<\/p>\n<p>DELANNOY-VANDEVYVER Sylvia<\/p>\n<p>TOP Ludovic<\/p>\n<p>DEBLONDE-SAMSON Sylvie<\/p>\n<p>PRUVOST Amaury<\/p>\n<p>VANDEPUTTE Ad\u00e9la\u00efde<\/p>\n<p>BELLAFKIH Khalid<\/p>\n<\/div>\n<\/div>\n<\/div>\n<\/div>\n<\/div><\/section><\/p>\n<\/div><\/div><div class=\"flex_cell no_margin av_one_half   \" style='height:400px; min-height:400px;vertical-align:middle; padding:30px; background-color:#f8f8f8; '><div class='flex_cell_inner' ><p><div style=' margin-top:15px; margin-bottom:15px;'  class='hr hr-custom hr-left hr-icon-no  '><span class='hr-inner   inner-border-av-border-fat' style=' width:50px; border-color:#000000;' ><span class='hr-inner-style'><\/span><\/span><\/div><br \/>\n<section class=\"av_textblock_section \"  itemscope=\"itemscope\" itemtype=\"https:\/\/schema.org\/CreativeWork\" ><div class='avia_textblock  '   itemprop=\"text\" ><div class=\"page\" title=\"Page 1\">\n<div class=\"section\">\n<div class=\"layoutArea\">\n<div><\/div>\n<div style=\"text-align: center;\"><strong>Commissions :<\/strong><\/div>\n<div>\n<p><u>Vie locale et communication\u00a0: <\/u><\/p>\n<p>VERSCHAVE Benoit, LEDEIN Sophie, LECROARD Corinne, CATOIRE Fabrice, PRUVOST Amaury, PACAUX-DAMBRE Nathalie, PIREZ Elodie, DEBLONDE-SAMSON Sylvie, DELBAERE David, TOP Ludovic.<\/p>\n<p><u>Famille, Vie Scolaire, P\u00e9riscolaire, Ain\u00e9s :<\/u><\/p>\n<\/div>\n<\/div>\n<p>JOVENET Aur\u00e9lie, TRACHE Martine, PAREIN Eulalie, PIAT Fr\u00e9d\u00e9ric, TOP Ludovic, PIREZ Elodie, VANDEPUTTE Ad\u00e9la\u00efde, PAUPY Karine.<\/p>\n<div class=\"layoutArea\">\n<div>\n<p><u>Sport \u2013 Culture : <\/u><\/p>\n<p>VANHAMME Anthony, MILLET Sylvain, CATOIRE Fabrice, PRUVOST Amaury, BELLAFKIH Khalid.<\/p>\n<\/div>\n<p><u>F\u00eates et Animations:<\/u><\/p>\n<p>CARPENTIER Caroline, PIAT Fr\u00e9d\u00e9ric, CHARLET Christophe, DELANNOY-VANDEVYVER Sylvia, LECROARD Corinne, DECROCK St\u00e9phane, PACAUX-DAMBRE Nathalie, VANDEPUTTE Ad\u00e9la\u00efde<\/p>\n<div>\n<p><u>Appel d\u2019offres\u00a0: <\/u><\/p>\n<p><u>Liste \u00e9lectorales\u00a0:<\/u><\/p>\n<\/div>\n<div class=\"column\"><\/div>\n<\/div>\n<\/div>\n<\/div>\n<\/div><\/section><\/p>\n<\/div><\/div>\n<\/div><\/p>\n<\/div><\/div><\/div><!-- close content main div --><\/div><\/div><div id='patrimoine' class='avia-section main_color avia-section-large avia-no-border-styling avia-bg-style-scroll   container_wrap sidebar_right' style = 'background-image: '  ><div class='container' ><div class='template-page content  av-content-small alpha units'><div class='post-entry post-entry-type-page post-entry-644'><div class='entry-content-wrapper clearfix'>\n<div class=\"flex_column av_one_fifth  flex_column_div av-zero-column-padding first  \" style='border-radius:0px; '><\/div><div class=\"flex_column av_three_fifth  flex_column_div av-zero-column-padding   \" style='border-radius:0px; '><section class=\"av_textblock_section \"  itemscope=\"itemscope\" itemtype=\"https:\/\/schema.org\/CreativeWork\" ><div class='avia_textblock  '   itemprop=\"text\" ><h2 style=\"text-align: center;\"><strong>#\u00a0<\/strong>LE PATRIMOINE \/ ORIGINE &amp; HISTOIRE<\/h2>\n<\/div><\/section><br \/>\n<div style=' margin-top:15px; margin-bottom:15px;'  class='hr hr-custom hr-center hr-icon-no  '><span class='hr-inner   inner-border-av-border-fat' style=' width:50px; border-color:#000000;' ><span class='hr-inner-style'><\/span><\/span><\/div><\/p><\/div><div class=\"flex_column av_one_fifth  flex_column_div av-zero-column-padding   \" style='border-radius:0px; '><\/div><div id='av-masonry-1' class='av-masonry  noHover av-fixed-size av-no-gap av-hover-overlay-active av-masonry-col-flexible av-caption-always av-caption-style- av-masonry-gallery     '  ><div class='av-masonry-container isotope av-js-disabled ' ><div class='av-masonry-entry isotope-item av-masonry-item-no-image '><\/div><a href=\"http:\/\/ville-frelinghien.fr\/wp-content\/uploads\/2018\/07\/von-sinner.jpg\" id='av-masonry-1-item-4264' data-av-masonry-item='4264' class='av-masonry-entry isotope-item post-4264 attachment type-attachment status-inherit hentry  av-masonry-item-with-image av-grid-img' title=\"\"  itemprop=\"thumbnailUrl\" ><div class='av-inner-masonry-sizer'><\/div><figure class='av-inner-masonry main_color'><div class=\"av-masonry-outerimage-container\"><div class=\"av-masonry-image-container\" style=\"background-image: url(http:\/\/ville-frelinghien.fr\/wp-content\/uploads\/2018\/07\/von-sinner-705x705.jpg);\"><\/div><\/div><\/figure><\/a><!--end av-masonry entry--><a href=\"http:\/\/ville-frelinghien.fr\/wp-content\/uploads\/2018\/07\/stokwelle.jpg\" id='av-masonry-1-item-4263' data-av-masonry-item='4263' class='av-masonry-entry isotope-item post-4263 attachment type-attachment status-inherit hentry  av-masonry-item-with-image av-grid-img' title=\"\"  itemprop=\"thumbnailUrl\" ><div class='av-inner-masonry-sizer'><\/div><figure class='av-inner-masonry main_color'><div class=\"av-masonry-outerimage-container\"><div class=\"av-masonry-image-container\" style=\"background-image: url(http:\/\/ville-frelinghien.fr\/wp-content\/uploads\/2018\/07\/stokwelle-705x705.jpg);\"><\/div><\/div><\/figure><\/a><!--end av-masonry entry--><a href=\"http:\/\/ville-frelinghien.fr\/wp-content\/uploads\/2018\/07\/soldatanglais.jpg\" id='av-masonry-1-item-4262' data-av-masonry-item='4262' class='av-masonry-entry isotope-item post-4262 attachment type-attachment status-inherit hentry  av-masonry-item-with-image av-grid-img' title=\"\"  itemprop=\"thumbnailUrl\" ><div class='av-inner-masonry-sizer'><\/div><figure class='av-inner-masonry main_color'><div class=\"av-masonry-outerimage-container\"><div class=\"av-masonry-image-container\" style=\"background-image: url(http:\/\/ville-frelinghien.fr\/wp-content\/uploads\/2018\/07\/soldatanglais-705x705.jpg);\"><\/div><\/div><\/figure><\/a><!--end av-masonry entry--><a href=\"http:\/\/ville-frelinghien.fr\/wp-content\/uploads\/2018\/07\/soldatallemand.jpg\" id='av-masonry-1-item-4261' data-av-masonry-item='4261' class='av-masonry-entry isotope-item post-4261 attachment type-attachment status-inherit hentry  av-masonry-item-with-image av-grid-img' title=\"\"  itemprop=\"thumbnailUrl\" ><div class='av-inner-masonry-sizer'><\/div><figure class='av-inner-masonry main_color'><div class=\"av-masonry-outerimage-container\"><div class=\"av-masonry-image-container\" style=\"background-image: url(http:\/\/ville-frelinghien.fr\/wp-content\/uploads\/2018\/07\/soldatallemand-705x705.jpg);\"><\/div><\/div><\/figure><\/a><!--end av-masonry entry--><a href=\"http:\/\/ville-frelinghien.fr\/wp-content\/uploads\/2018\/07\/restaurantapresguerre.jpg\" id='av-masonry-1-item-4260' data-av-masonry-item='4260' class='av-masonry-entry isotope-item post-4260 attachment type-attachment status-inherit hentry  av-masonry-item-with-image av-grid-img' title=\"\"  itemprop=\"thumbnailUrl\" ><div class='av-inner-masonry-sizer'><\/div><figure class='av-inner-masonry main_color'><div class=\"av-masonry-outerimage-container\"><div class=\"av-masonry-image-container\" style=\"background-image: url(http:\/\/ville-frelinghien.fr\/wp-content\/uploads\/2018\/07\/restaurantapresguerre-705x705.jpg);\"><\/div><\/div><\/figure><\/a><!--end av-masonry entry--><a href=\"http:\/\/ville-frelinghien.fr\/wp-content\/uploads\/2018\/07\/restaurant.jpg\" id='av-masonry-1-item-4259' data-av-masonry-item='4259' class='av-masonry-entry isotope-item post-4259 attachment type-attachment status-inherit hentry  av-masonry-item-with-image av-grid-img' title=\"\"  itemprop=\"thumbnailUrl\" ><div class='av-inner-masonry-sizer'><\/div><figure class='av-inner-masonry main_color'><div class=\"av-masonry-outerimage-container\"><div class=\"av-masonry-image-container\" style=\"background-image: url(http:\/\/ville-frelinghien.fr\/wp-content\/uploads\/2018\/07\/restaurant-705x705.jpg);\"><\/div><\/div><\/figure><\/a><!--end av-masonry entry--><a href=\"http:\/\/ville-frelinghien.fr\/wp-content\/uploads\/2018\/07\/reconstructionapresguerre.jpg\" id='av-masonry-1-item-4258' data-av-masonry-item='4258' class='av-masonry-entry isotope-item post-4258 attachment type-attachment status-inherit hentry  av-masonry-item-with-image av-grid-img' title=\"\"  itemprop=\"thumbnailUrl\" ><div class='av-inner-masonry-sizer'><\/div><figure class='av-inner-masonry main_color'><div class=\"av-masonry-outerimage-container\"><div class=\"av-masonry-image-container\" style=\"background-image: url(http:\/\/ville-frelinghien.fr\/wp-content\/uploads\/2018\/07\/reconstructionapresguerre-705x705.jpg);\"><\/div><\/div><\/figure><\/a><!--end av-masonry entry--><a href=\"http:\/\/ville-frelinghien.fr\/wp-content\/uploads\/2018\/07\/reconstruction.jpg\" id='av-masonry-1-item-4257' data-av-masonry-item='4257' class='av-masonry-entry isotope-item post-4257 attachment type-attachment status-inherit hentry  av-masonry-item-with-image av-grid-img' title=\"\"  itemprop=\"thumbnailUrl\" ><div class='av-inner-masonry-sizer'><\/div><figure class='av-inner-masonry main_color'><div class=\"av-masonry-outerimage-container\"><div class=\"av-masonry-image-container\" style=\"background-image: url(http:\/\/ville-frelinghien.fr\/wp-content\/uploads\/2018\/07\/reconstruction-705x705.jpg);\"><\/div><\/div><\/figure><\/a><!--end av-masonry entry--><\/div><div class='av-masonry-pagination av-masonry-pagination-pagination'><nav class='pagination'><span class='pagination-meta'>Page 1 sur 3<\/span><span class='current'>1<\/span><a href='http:\/\/ville-frelinghien.fr\/index.php\/wp-json\/wp\/v2\/pages\/644\/page\/2\/' class='inactive' >2<\/a><a href='http:\/\/ville-frelinghien.fr\/index.php\/wp-json\/wp\/v2\/pages\/644\/page\/3\/' class='inactive' >3<\/a><\/nav>\n<\/div><\/div>\n<\/div><\/div><\/div><!-- close content main div --><\/div><\/div><div id='after_section_3' class='main_color av_default_container_wrap container_wrap sidebar_right'   ><div class='container' ><div class='template-page content  av-content-small alpha units'><div class='post-entry post-entry-type-page post-entry-644'><div class='entry-content-wrapper clearfix'>\n<\/div><\/div><\/div><!-- close content main div --><\/div><\/div><div id='av_section_4' class='avia-section main_color avia-section-huge avia-no-border-styling avia-full-stretch av-section-color-overlay-active avia-bg-style-fixed   container_wrap sidebar_right' style = 'background-repeat: no-repeat; background-image: url(http:\/\/localhost:8888\/wp-content\/uploads\/2018\/05\/intropatrimoine.jpg);background-attachment: fixed; background-position: center center; ' data-section-bg-repeat='stretch' ><div class='av-section-color-overlay-wrap'><div class='av-section-color-overlay' style='opacity: 0.7; background-color: #000000; '><\/div><a href='#next-section' title='' class='scroll-down-link '  aria-hidden='true' data-av_icon='\ue877' data-av_iconfont='entypo-fontello'><\/a><div class='container' ><div class='template-page content  av-content-small alpha units'><div class='post-entry post-entry-type-page post-entry-644'><div class='entry-content-wrapper clearfix'>\n<div class=\"flex_column av_one_third  flex_column_div av-zero-column-padding first  \" style='border-radius:0px; '><section class=\"av_textblock_section \"  itemscope=\"itemscope\" itemtype=\"https:\/\/schema.org\/CreativeWork\" ><div class='avia_textblock  av_inherit_color '  style='color:#ffffff; '  itemprop=\"text\" ><div class=\"page\" title=\"Page 1\">\n<div class=\"section\">\n<div class=\"layoutArea\">\n<div class=\"column\">\n<h3><strong>ORIGINE<\/strong><\/h3>\n<p>Le nom de notre village est d&rsquo;origine germanique. Il vient de \u00ab\u00a0FRELO\u00a0\u00bb du suffixe \u00ab\u00a0ING\u00a0\u00bb de\u0301signant les hommes de son entourage et de \u00ab\u00a0HEIM\u00a0\u00bb le foyer, l&rsquo;habitation ce qui nous donne \u00ab\u00a0HABITATION DES HOMMES DE FRELO\u00a0\u00bb.<\/p>\n<\/div>\n<div class=\"layoutArea\">\n<div class=\"column\">\u00a0<strong>UN PEU D&rsquo;HISTOIRE<\/strong><\/div>\n<\/div>\n<div class=\"layoutArea\">\n<div class=\"column\">\n<div class=\"layoutArea\">\n<div class=\"column\">\n<p>On trouve mentionne\u0301 le nom du village dans des e\u0301crits datant de 1066 relatant la cession d&rsquo;une partie des biens du comte de FLANDRE \u00ab\u00a0des manses et des bonniers\u00a0\u00bb au chapitre colle\u0301gial saint Pierre de Lille. Au Moyen Age la zone de circulation des marchandises : draps, fils, laine, mais aussi produits agricoles, meubles, e\u0301pices entre YPRES et LILLE transitait par FRELINGHIEN.<\/p>\n<\/div>\n<\/div>\n<div class=\"layoutArea\">\n<div class=\"column\">\n<p>Appartenant au Pays Bas espagnols aux XV et XVI sie\u0300cles, le village ne sera rattache\u0301 a\u0300 la France qu&rsquo;en 1713 apre\u0300s avoir souffert des guerres successives entre Cape\u0301tiens et Hasburg<\/p>\n<\/div>\n<\/div>\n<\/div>\n<\/div>\n<\/div>\n<div class=\"layoutArea\">\n<div class=\"column\">\n<div class=\"page\" title=\"Page 2\">\n<div class=\"section\">\n<div class=\"layoutArea\">\n<div class=\"column\"><\/div>\n<\/div>\n<\/div>\n<\/div>\n<\/div>\n<\/div>\n<\/div>\n<\/div>\n<\/div><\/section><\/div><div class=\"flex_column av_one_third  flex_column_div av-zero-column-padding   \" style='border-radius:0px; '><section class=\"av_textblock_section \"  itemscope=\"itemscope\" itemtype=\"https:\/\/schema.org\/CreativeWork\" ><div class='avia_textblock  av_inherit_color '  style='color:#ffffff; '  itemprop=\"text\" ><div class=\"page\" title=\"Page 1\">\n<div class=\"section\">\n<div class=\"layoutArea\"><\/div>\n<div class=\"layoutArea\">\n<div class=\"column\">\n<div class=\"layoutArea\">\n<div class=\"column\">\n<p>Notre village se trouve une nouvelle fois mis en premie\u0300re ligne lors d&rsquo;e\u0301ve\u0300nements douloureux datant de 1792 (Les archives de\u0301partementales du Nord font mention de faits se de\u0301roulant Au lieu dit : Le Pont Rouge). En septembre 1792 les Autrichiens en guerre contre la France sont a\u0300 Warneton. Les gardes nationaux de Frelinghien, assiste\u0301s par ceux des communes voisines utilisent la route construite par Vauban au Pont Rouge. Ils forcent l&rsquo;ennemi a\u0300 repasser la Lys et accompagnent un convoi de bateaux de vivre destine\u0301s a\u0300 l&rsquo;arme\u0301e franc\u0327aise. Le Pont Rouge devient alors un haut lieu du patriotisme Frelinghinois.<\/p>\n<p>Des e\u0301ve\u0300nements plus joyeux jalonnent l&rsquo;histoire de notre commune telle la fe\u0302te musicale et militaire internationale de 1909 organise\u0301 au Pont Rouge. De nombreuses socie\u0301te\u0301s locales sont repre\u0301sente\u0301es car de\u0301ja\u0300 a\u0300 cette e\u0301poque la vie associative frelinghinoise est tre\u0300s riche. Quelques exemples de socie\u0301te\u0301s actives:<\/p>\n<\/div>\n<\/div>\n<\/div>\n<\/div>\n<\/div>\n<\/div>\n<p><!--more--><\/p>\n<\/div><\/section><\/div><div class=\"flex_column av_one_third  flex_column_div av-zero-column-padding   \" style='border-radius:0px; '><section class=\"av_textblock_section \"  itemscope=\"itemscope\" itemtype=\"https:\/\/schema.org\/CreativeWork\" ><div class='avia_textblock  av_inherit_color '  style='color:#ffffff; '  itemprop=\"text\" ><div class=\"page\" title=\"Page 1\">\n<div class=\"section\">\n<div class=\"layoutArea\">\n<div class=\"column\"><\/div>\n<\/div>\n<div class=\"layoutArea\">\n<div class=\"column\">\n<p>\u2010 Socie\u0301te\u0301 des archers (4 recense\u0301es en 1819)<\/p>\n<div class=\"page\" title=\"Page 2\">\n<div class=\"section\">\n<div class=\"layoutArea\">\n<div class=\"column\">\n<p>\u2010 Socie\u0301te\u0301 d&rsquo;arbale\u0301triers (3 recense\u0301es en 1862)\u2010 La musique municipale ou philharmonie fonde\u0301e en 1862 par M. Dufour (fre\u0300re Alcade) socie\u0301te\u0301 encore au gou\u0302t du jour et active puisqu&rsquo;elle a fe\u0302te\u0301 ses 140 ans le 28 avril 2002.<\/p>\n<p>\u2010 La chorale &lsquo;La Lyre\u00a0\u00bb fonde\u0301e en 1884<\/p>\n<p>\u2010 La chorale \u00ab\u00a0Les amis re\u0301unis\u00a0\u00bb fonde\u0301e en 1890<\/p>\n<p>\u2010 Des socie\u0301te\u0301s diverses : Socie\u0301te\u0301 de Saint Vincent de Paul, Cercle des bons amis, A<\/p>\n<p>nciens militaires, Socie\u0301te\u0301 colombophile \u00ab\u00a0L&rsquo;hirondelle\u00a0\u00bb fonde\u0301e en 1885, Socie\u0301te\u0301 de gymnastiques \u00ab\u00a0La Franc\u0327aise\u00a0\u00bb fonde\u0301e en 1893, Ve\u0301lo Sport Frelinghinois fonde\u0301e en 1900.<\/p>\n<\/div>\n<\/div>\n<\/div>\n<\/div>\n<\/div>\n<\/div>\n<\/div>\n<\/div>\n<p><!--more--><\/p>\n<\/div><\/section><br \/>\n<div class='avia-button-wrap avia-button-left '><a href='http:\/\/ville-frelinghien.fr\/wp-content\/uploads\/2018\/08\/Livret-circuit-de-m\u00e9moire-14-18v7.pdf'  class='avia-button   avia-icon_select-yes-left-icon avia-color-custom avia-size-large avia-position-left '  target=\"_blank\"  style='background-color:#000000; border-color:#000000; color:#ffffff; ' ><span class='avia_button_icon avia_button_icon_left ' aria-hidden='true' data-av_icon='\ue823' data-av_iconfont='entypo-fontello'><\/span><span class='avia_iconbox_title' >T\u00e9l\u00e9charger Livret circuit de me\u0301moire 14-18<\/span><\/a><\/div><\/p><\/div>\n<\/div><\/div><\/div><!-- close content main div --><\/div><\/div><\/div><div id='after_section_4' class='main_color av_default_container_wrap container_wrap sidebar_right'   ><div class='container' ><div class='template-page content  av-content-small alpha units'><div class='post-entry post-entry-type-page post-entry-644'><div class='entry-content-wrapper clearfix'>\n","protected":false},"excerpt":{"rendered":"<p>Notre village se trouve une nouvelle fois mis en premie\u0300re ligne lors d&rsquo;e\u0301ve\u0300nements douloureux datant de 1792 (Les archives de\u0301partementales du Nord font mention de faits se de\u0301roulant Au lieu dit : Le Pont Rouge). En septembre 1792 les Autrichiens en guerre contre la France sont a\u0300 Warneton. Les gardes nationaux de Frelinghien, assiste\u0301s par [&hellip;]<\/p>\n","protected":false},"author":2,"featured_media":0,"parent":0,"menu_order":0,"comment_status":"closed","ping_status":"closed","template":"","meta":{"_monsterinsights_skip_tracking":false,"_monsterinsights_sitenote_active":false,"_monsterinsights_sitenote_note":"","_monsterinsights_sitenote_category":0,"footnotes":""},"yoast_head":"<!-- This site is optimized with the Yoast SEO plugin v22.8 - https:\/\/yoast.com\/wordpress\/plugins\/seo\/ -->\n<title>MA VILLE - Frelinghien<\/title>\n<meta name=\"description\" content=\"Horaires, services, \u00e9lus et commissions.\" \/>\n<meta name=\"robots\" content=\"index, follow, max-snippet:-1, max-image-preview:large, max-video-preview:-1\" \/>\n<link rel=\"canonical\" href=\"https:\/\/ville-frelinghien.fr\/index.php\/horaires-elus-commissions-histoire\/\" \/>\n<meta property=\"og:locale\" content=\"fr_FR\" \/>\n<meta property=\"og:type\" content=\"article\" \/>\n<meta property=\"og:title\" content=\"MA VILLE - Frelinghien\" \/>\n<meta property=\"og:description\" content=\"Horaires, services, \u00e9lus et commissions.\" \/>\n<meta property=\"og:url\" content=\"https:\/\/ville-frelinghien.fr\/index.php\/horaires-elus-commissions-histoire\/\" \/>\n<meta property=\"og:site_name\" content=\"Frelinghien\" \/>\n<meta property=\"article:modified_time\" content=\"2026-04-19T19:19:15+00:00\" \/>\n<meta name=\"twitter:card\" content=\"summary_large_image\" \/>\n<meta name=\"twitter:label1\" content=\"Dur\u00e9e de lecture estim\u00e9e\" \/>\n\t<meta name=\"twitter:data1\" content=\"10 minutes\" \/>\n<script type=\"application\/ld+json\" class=\"yoast-schema-graph\">{\"@context\":\"https:\/\/schema.org\",\"@graph\":[{\"@type\":\"WebPage\",\"@id\":\"https:\/\/ville-frelinghien.fr\/index.php\/horaires-elus-commissions-histoire\/\",\"url\":\"https:\/\/ville-frelinghien.fr\/index.php\/horaires-elus-commissions-histoire\/\",\"name\":\"MA VILLE - Frelinghien\",\"isPartOf\":{\"@id\":\"http:\/\/ville-frelinghien.fr\/#website\"},\"datePublished\":\"2017-02-02T14:28:16+00:00\",\"dateModified\":\"2026-04-19T19:19:15+00:00\",\"description\":\"Horaires, services, \u00e9lus et commissions.\",\"breadcrumb\":{\"@id\":\"https:\/\/ville-frelinghien.fr\/index.php\/horaires-elus-commissions-histoire\/#breadcrumb\"},\"inLanguage\":\"fr-FR\",\"potentialAction\":[{\"@type\":\"ReadAction\",\"target\":[\"https:\/\/ville-frelinghien.fr\/index.php\/horaires-elus-commissions-histoire\/\"]}]},{\"@type\":\"BreadcrumbList\",\"@id\":\"https:\/\/ville-frelinghien.fr\/index.php\/horaires-elus-commissions-histoire\/#breadcrumb\",\"itemListElement\":[{\"@type\":\"ListItem\",\"position\":1,\"name\":\"Accueil\",\"item\":\"http:\/\/ville-frelinghien.fr\/\"},{\"@type\":\"ListItem\",\"position\":2,\"name\":\"MA VILLE\"}]},{\"@type\":\"WebSite\",\"@id\":\"http:\/\/ville-frelinghien.fr\/#website\",\"url\":\"http:\/\/ville-frelinghien.fr\/\",\"name\":\"Frelinghien\",\"description\":\"Bienvenue sur le site de Frelinghien\",\"potentialAction\":[{\"@type\":\"SearchAction\",\"target\":{\"@type\":\"EntryPoint\",\"urlTemplate\":\"http:\/\/ville-frelinghien.fr\/?s={search_term_string}\"},\"query-input\":\"required name=search_term_string\"}],\"inLanguage\":\"fr-FR\"}]}<\/script>\n<!-- \/ Yoast SEO plugin. -->","yoast_head_json":{"title":"MA VILLE - Frelinghien","description":"Horaires, services, \u00e9lus et commissions.","robots":{"index":"index","follow":"follow","max-snippet":"max-snippet:-1","max-image-preview":"max-image-preview:large","max-video-preview":"max-video-preview:-1"},"canonical":"https:\/\/ville-frelinghien.fr\/index.php\/horaires-elus-commissions-histoire\/","og_locale":"fr_FR","og_type":"article","og_title":"MA VILLE - Frelinghien","og_description":"Horaires, services, \u00e9lus et commissions.","og_url":"https:\/\/ville-frelinghien.fr\/index.php\/horaires-elus-commissions-histoire\/","og_site_name":"Frelinghien","article_modified_time":"2026-04-19T19:19:15+00:00","twitter_card":"summary_large_image","twitter_misc":{"Dur\u00e9e de lecture estim\u00e9e":"10 minutes"},"schema":{"@context":"https:\/\/schema.org","@graph":[{"@type":"WebPage","@id":"https:\/\/ville-frelinghien.fr\/index.php\/horaires-elus-commissions-histoire\/","url":"https:\/\/ville-frelinghien.fr\/index.php\/horaires-elus-commissions-histoire\/","name":"MA VILLE - Frelinghien","isPartOf":{"@id":"http:\/\/ville-frelinghien.fr\/#website"},"datePublished":"2017-02-02T14:28:16+00:00","dateModified":"2026-04-19T19:19:15+00:00","description":"Horaires, services, \u00e9lus et commissions.","breadcrumb":{"@id":"https:\/\/ville-frelinghien.fr\/index.php\/horaires-elus-commissions-histoire\/#breadcrumb"},"inLanguage":"fr-FR","potentialAction":[{"@type":"ReadAction","target":["https:\/\/ville-frelinghien.fr\/index.php\/horaires-elus-commissions-histoire\/"]}]},{"@type":"BreadcrumbList","@id":"https:\/\/ville-frelinghien.fr\/index.php\/horaires-elus-commissions-histoire\/#breadcrumb","itemListElement":[{"@type":"ListItem","position":1,"name":"Accueil","item":"http:\/\/ville-frelinghien.fr\/"},{"@type":"ListItem","position":2,"name":"MA VILLE"}]},{"@type":"WebSite","@id":"http:\/\/ville-frelinghien.fr\/#website","url":"http:\/\/ville-frelinghien.fr\/","name":"Frelinghien","description":"Bienvenue sur le site de Frelinghien","potentialAction":[{"@type":"SearchAction","target":{"@type":"EntryPoint","urlTemplate":"http:\/\/ville-frelinghien.fr\/?s={search_term_string}"},"query-input":"required name=search_term_string"}],"inLanguage":"fr-FR"}]}},"_links":{"self":[{"href":"http:\/\/ville-frelinghien.fr\/index.php\/wp-json\/wp\/v2\/pages\/644"}],"collection":[{"href":"http:\/\/ville-frelinghien.fr\/index.php\/wp-json\/wp\/v2\/pages"}],"about":[{"href":"http:\/\/ville-frelinghien.fr\/index.php\/wp-json\/wp\/v2\/types\/page"}],"author":[{"embeddable":true,"href":"http:\/\/ville-frelinghien.fr\/index.php\/wp-json\/wp\/v2\/users\/2"}],"replies":[{"embeddable":true,"href":"http:\/\/ville-frelinghien.fr\/index.php\/wp-json\/wp\/v2\/comments?post=644"}],"version-history":[{"count":27,"href":"http:\/\/ville-frelinghien.fr\/index.php\/wp-json\/wp\/v2\/pages\/644\/revisions"}],"predecessor-version":[{"id":8748,"href":"http:\/\/ville-frelinghien.fr\/index.php\/wp-json\/wp\/v2\/pages\/644\/revisions\/8748"}],"wp:attachment":[{"href":"http:\/\/ville-frelinghien.fr\/index.php\/wp-json\/wp\/v2\/media?parent=644"}],"curies":[{"name":"wp","href":"https:\/\/api.w.org\/{rel}","templated":true}]}}