{"version":"1.0","provider_name":"Frelinghien","provider_url":"https:\/\/ville-frelinghien.fr","author_name":"villefrepadmin","author_url":"https:\/\/ville-frelinghien.fr\/index.php\/author\/villefrepadmin\/","title":"Parcours de m\u00e9moire de FRELINGHIEN (59) - Frelinghien","type":"rich","width":600,"height":338,"html":"<blockquote class=\"wp-embedded-content\" data-secret=\"Gv526TpSez\"><a href=\"https:\/\/ville-frelinghien.fr\/index.php\/parcours-de-memoire-de-frelinghien-59\/\">Parcours de m\u00e9moire de FRELINGHIEN (59)<\/a><\/blockquote><iframe sandbox=\"allow-scripts\" security=\"restricted\" src=\"https:\/\/ville-frelinghien.fr\/index.php\/parcours-de-memoire-de-frelinghien-59\/embed\/#?secret=Gv526TpSez\" width=\"600\" height=\"338\" title=\"\u00ab\u00a0Parcours de m\u00e9moire de FRELINGHIEN (59)\u00a0\u00bb &#8212; Frelinghien\" data-secret=\"Gv526TpSez\" frameborder=\"0\" marginwidth=\"0\" marginheight=\"0\" scrolling=\"no\" class=\"wp-embedded-content\"><\/iframe><script type=\"text\/javascript\">\n\/* <![CDATA[ *\/\n\/*! This file is auto-generated *\/\n!function(d,l){\"use strict\";l.querySelector&&d.addEventListener&&\"undefined\"!=typeof URL&&(d.wp=d.wp||{},d.wp.receiveEmbedMessage||(d.wp.receiveEmbedMessage=function(e){var t=e.data;if((t||t.secret||t.message||t.value)&&!\/[^a-zA-Z0-9]\/.test(t.secret)){for(var s,r,n,a=l.querySelectorAll('iframe[data-secret=\"'+t.secret+'\"]'),o=l.querySelectorAll('blockquote[data-secret=\"'+t.secret+'\"]'),c=new RegExp(\"^https?:$\",\"i\"),i=0;i<o.length;i++)o[i].style.display=\"none\";for(i=0;i<a.length;i++)s=a[i],e.source===s.contentWindow&&(s.removeAttribute(\"style\"),\"height\"===t.message?(1e3<(r=parseInt(t.value,10))?r=1e3:~~r<200&&(r=200),s.height=r):\"link\"===t.message&&(r=new URL(s.getAttribute(\"src\")),n=new URL(t.value),c.test(n.protocol))&&n.host===r.host&&l.activeElement===s&&(d.top.location.href=t.value))}},d.addEventListener(\"message\",d.wp.receiveEmbedMessage,!1),l.addEventListener(\"DOMContentLoaded\",function(){for(var e,t,s=l.querySelectorAll(\"iframe.wp-embedded-content\"),r=0;r<s.length;r++)(t=(e=s[r]).getAttribute(\"data-secret\"))||(t=Math.random().toString(36).substring(2,12),e.src+=\"#?secret=\"+t,e.setAttribute(\"data-secret\",t)),e.contentWindow.postMessage({message:\"ready\",secret:t},\"*\")},!1)))}(window,document);\n\/* ]]> *\/\n<\/script>\n","thumbnail_url":"https:\/\/ville-frelinghien.fr\/wp-content\/uploads\/2018\/09\/logo-copie.jpg","thumbnail_width":591,"thumbnail_height":472,"description":"Situ\u00e9e sur la ligne de front et occup\u00e9e par les troupes allemandes de 1914 \u00e0 1918, FRELINGHIEN conserve encore aujourd\u2019hui de nombreuses traces du conflit. Son circuit de m\u00e9moire, imagin\u00e9 et con\u00e7u par l'UNC de Frelinghien et la commission extra municipale de la commune est mat\u00e9rialis\u00e9 par des bornes jaunes et bleues."}